{"id":1565,"date":"2024-04-16T13:23:51","date_gmt":"2024-04-16T11:23:51","guid":{"rendered":"https:\/\/arvowichmann.prinzdesign-berlin.de\/naeitused\/"},"modified":"2024-05-29T15:04:15","modified_gmt":"2024-05-29T13:04:15","slug":"naeitused","status":"publish","type":"page","link":"https:\/\/arvowichmann.de\/et\/naeitused\/","title":{"rendered":"n\u00e4itused"},"content":{"rendered":"<div class=\"wpb-content-wrapper\"><p>[vc_row css_animation=&#8221;&#8221; row_type=&#8221;row&#8221; use_row_as_full_screen_section=&#8221;no&#8221; type=&#8221;full_width&#8221; angled_section=&#8221;no&#8221; text_align=&#8221;left&#8221; background_image_as_pattern=&#8221;without_pattern&#8221;][vc_column][vc_empty_space][vc_column_text css=&#8221;&#8221;]<\/p>\n<h2>n\u00e4itused ja kuup\u00e4evad<\/h2>\n<p>[\/vc_column_text][vc_empty_space][\/vc_column][\/vc_row][vc_row css_animation=&#8221;&#8221; row_type=&#8221;row&#8221; use_row_as_full_screen_section=&#8221;no&#8221; type=&#8221;full_width&#8221; angled_section=&#8221;no&#8221; text_align=&#8221;left&#8221; background_image_as_pattern=&#8221;without_pattern&#8221;][vc_column]\n<div class='latest_post_holder image_on_the_left_boxed  ' >\n    <ul>\n    <li class=\"clearfix \">\n    <div class=\"latest_post\">\n        <div class=\"latest_post_image clearfix\">\n            <a itemprop=\"url\" href=\"https:\/\/arvowichmann.de\/et\/2023-16-inter-jazzfestival-spiekeroog\/\">\n                <img loading=\"lazy\" decoding=\"async\" width=\"150\" height=\"150\" src=\"https:\/\/arvowichmann.de\/wp-content\/uploads\/2024\/05\/spiekeroog23-150x150.jpg\" class=\"attachment-thumbnail size-thumbnail\" alt=\"\" srcset=\"https:\/\/arvowichmann.de\/wp-content\/uploads\/2024\/05\/spiekeroog23-150x150.jpg 150w, https:\/\/arvowichmann.de\/wp-content\/uploads\/2024\/05\/spiekeroog23-570x570.jpg 570w, https:\/\/arvowichmann.de\/wp-content\/uploads\/2024\/05\/spiekeroog23-500x500.jpg 500w, https:\/\/arvowichmann.de\/wp-content\/uploads\/2024\/05\/spiekeroog23-1000x1000.jpg 1000w\" sizes=\"auto, (max-width: 150px) 100vw, 150px\" \/>            <\/a>\n        <\/div>\n        <div class=\"latest_post_text\">\n            <div class=\"latest_post_inner\">\n                <div class=\"latest_post_text_inner\">\n                                                                                                        <h5 itemprop=\"name\" class=\"latest_post_title entry_title\"><a itemprop=\"url\" href=\"https:\/\/arvowichmann.de\/et\/2023-16-inter-jazzfestival-spiekeroog\/\">2023 &#8211; 16. Inter. Jazzfestival Spiekeroog<\/a><\/h5>\n                    <p class=\"excerpt\">N\u00e4itustegevuse j\u00e4tkamine 16. Inter. Jazzfestival Spiekeroog p\u00e4rast l\u00f5ppu...<\/p>\n                    <span class=\"post_infos\">\n\n                        \n                        \n                        \n\n                    <\/span>\n                <\/div>\n            <\/div>\n        <\/div>\n    <\/div>\n<\/li>\n        <li class=\"clearfix \">\n    <div class=\"latest_post\">\n        <div class=\"latest_post_image clearfix\">\n            <a itemprop=\"url\" href=\"https:\/\/arvowichmann.de\/et\/2019-14-inter-jazzfestival-spiekeroog\/\">\n                <img loading=\"lazy\" decoding=\"async\" width=\"150\" height=\"150\" src=\"https:\/\/arvowichmann.de\/wp-content\/uploads\/2024\/05\/Plakat-Spiekeroog-2019-150x150.jpg\" class=\"attachment-thumbnail size-thumbnail\" alt=\"\" srcset=\"https:\/\/arvowichmann.de\/wp-content\/uploads\/2024\/05\/Plakat-Spiekeroog-2019-150x150.jpg 150w, https:\/\/arvowichmann.de\/wp-content\/uploads\/2024\/05\/Plakat-Spiekeroog-2019-570x570.jpg 570w, https:\/\/arvowichmann.de\/wp-content\/uploads\/2024\/05\/Plakat-Spiekeroog-2019-500x500.jpg 500w, https:\/\/arvowichmann.de\/wp-content\/uploads\/2024\/05\/Plakat-Spiekeroog-2019-1000x1000.jpg 1000w\" sizes=\"auto, (max-width: 150px) 100vw, 150px\" \/>            <\/a>\n        <\/div>\n        <div class=\"latest_post_text\">\n            <div class=\"latest_post_inner\">\n                <div class=\"latest_post_text_inner\">\n                                                                                                        <h5 itemprop=\"name\" class=\"latest_post_title entry_title\"><a itemprop=\"url\" href=\"https:\/\/arvowichmann.de\/et\/2019-14-inter-jazzfestival-spiekeroog\/\">2019 &#8211; 14 Inter. Jazzfestival Spiekeroog<\/a><\/h5>\n                    <p class=\"excerpt\">Jazz portreena - Arvo Wichmanni maalid, joonistused ja fotod 14. rahvusvahelisel jazzifestivalil Spiekeroogil...<\/p>\n                    <span class=\"post_infos\">\n\n                        \n                        \n                        \n\n                    <\/span>\n                <\/div>\n            <\/div>\n        <\/div>\n    <\/div>\n<\/li>\n        <li class=\"clearfix \">\n    <div class=\"latest_post\">\n        <div class=\"latest_post_image clearfix\">\n            <a itemprop=\"url\" href=\"https:\/\/arvowichmann.de\/et\/2018-13-inter-jazzfestival-spiekeroog\/\">\n                <img loading=\"lazy\" decoding=\"async\" width=\"150\" height=\"150\" src=\"https:\/\/arvowichmann.de\/wp-content\/uploads\/2024\/05\/spiekeroog-2018-150x150.jpg\" class=\"attachment-thumbnail size-thumbnail\" alt=\"\" srcset=\"https:\/\/arvowichmann.de\/wp-content\/uploads\/2024\/05\/spiekeroog-2018-150x150.jpg 150w, https:\/\/arvowichmann.de\/wp-content\/uploads\/2024\/05\/spiekeroog-2018-570x570.jpg 570w, https:\/\/arvowichmann.de\/wp-content\/uploads\/2024\/05\/spiekeroog-2018-500x500.jpg 500w, https:\/\/arvowichmann.de\/wp-content\/uploads\/2024\/05\/spiekeroog-2018-1000x1000.jpg 1000w\" sizes=\"auto, (max-width: 150px) 100vw, 150px\" \/>            <\/a>\n        <\/div>\n        <div class=\"latest_post_text\">\n            <div class=\"latest_post_inner\">\n                <div class=\"latest_post_text_inner\">\n                                                                                                        <h5 itemprop=\"name\" class=\"latest_post_title entry_title\"><a itemprop=\"url\" href=\"https:\/\/arvowichmann.de\/et\/2018-13-inter-jazzfestival-spiekeroog\/\">2018 &#8211; 13. Inter. Jazzfestival Spiekeroog<\/a><\/h5>\n                    <p class=\"excerpt\">Jazz portreena - Arvo Wichmanni maalid, joonistused ja fotod 14. rahvusvahelisel jazzifestivalil Spiekeroogil...<\/p>\n                    <span class=\"post_infos\">\n\n                        \n                        \n                        \n\n                    <\/span>\n                <\/div>\n            <\/div>\n        <\/div>\n    <\/div>\n<\/li>\n        <li class=\"clearfix \">\n    <div class=\"latest_post\">\n        <div class=\"latest_post_image clearfix\">\n            <a itemprop=\"url\" href=\"https:\/\/arvowichmann.de\/et\/2015-jazzklubi-unterfahrt-muenchen\/\">\n                <img loading=\"lazy\" decoding=\"async\" width=\"150\" height=\"150\" src=\"https:\/\/arvowichmann.de\/wp-content\/uploads\/2024\/05\/Bildschirmfoto-2024-05-08-um-15.08.49-150x150.png\" class=\"attachment-thumbnail size-thumbnail\" alt=\"\" srcset=\"https:\/\/arvowichmann.de\/wp-content\/uploads\/2024\/05\/Bildschirmfoto-2024-05-08-um-15.08.49-150x150.png 150w, https:\/\/arvowichmann.de\/wp-content\/uploads\/2024\/05\/Bildschirmfoto-2024-05-08-um-15.08.49-570x570.png 570w, https:\/\/arvowichmann.de\/wp-content\/uploads\/2024\/05\/Bildschirmfoto-2024-05-08-um-15.08.49-500x500.png 500w\" sizes=\"auto, (max-width: 150px) 100vw, 150px\" \/>            <\/a>\n        <\/div>\n        <div class=\"latest_post_text\">\n            <div class=\"latest_post_inner\">\n                <div class=\"latest_post_text_inner\">\n                                                                                                        <h5 itemprop=\"name\" class=\"latest_post_title entry_title\"><a itemprop=\"url\" href=\"https:\/\/arvowichmann.de\/et\/2015-jazzklubi-unterfahrt-muenchen\/\">2015 &#8211; Jazzklubi &#8220;Unterfahrt&#8221;, M\u00fcnchen<\/a><\/h5>\n                    <p class=\"excerpt\">Erinevalt teistest muusikastiilidest luuakse d\u017e\u00e4ss hetkes ja hetkeks ning see kujuneb t\u00e4ielikult alles publikuga suhtlemisel. Seep\u00e4rast on \"klubid\" jazzile nii olulised ja seet\u00f5ttu m\u00f5tled t\u00e4nap\u00e4eval M\u00fcncheni jazzile peaaegu automaatselt Unterfahrt'ile. T\u00e4na, 40 aastat p\u00e4rast selle avamist....<\/p>\n                    <span class=\"post_infos\">\n\n                        \n                        \n                        \n\n                    <\/span>\n                <\/div>\n            <\/div>\n        <\/div>\n    <\/div>\n<\/li>\n        <li class=\"clearfix \">\n    <div class=\"latest_post\">\n        <div class=\"latest_post_image clearfix\">\n            <a itemprop=\"url\" href=\"https:\/\/arvowichmann.de\/et\/2013-eesti-suursaatkond-berliin\/\">\n                <img loading=\"lazy\" decoding=\"async\" width=\"150\" height=\"150\" src=\"https:\/\/arvowichmann.de\/wp-content\/uploads\/2013\/04\/14_Arvo_Wichmann_490_w-150x150.jpg\" class=\"attachment-thumbnail size-thumbnail\" alt=\"\" srcset=\"https:\/\/arvowichmann.de\/wp-content\/uploads\/2013\/04\/14_Arvo_Wichmann_490_w-150x150.jpg 150w, https:\/\/arvowichmann.de\/wp-content\/uploads\/2013\/04\/14_Arvo_Wichmann_490_w-570x570.jpg 570w, https:\/\/arvowichmann.de\/wp-content\/uploads\/2013\/04\/14_Arvo_Wichmann_490_w-600x599.jpg 600w, https:\/\/arvowichmann.de\/wp-content\/uploads\/2013\/04\/14_Arvo_Wichmann_490_w-500x500.jpg 500w\" sizes=\"auto, (max-width: 150px) 100vw, 150px\" \/>            <\/a>\n        <\/div>\n        <div class=\"latest_post_text\">\n            <div class=\"latest_post_inner\">\n                <div class=\"latest_post_text_inner\">\n                                                                                                        <h5 itemprop=\"name\" class=\"latest_post_title entry_title\"><a itemprop=\"url\" href=\"https:\/\/arvowichmann.de\/et\/2013-eesti-suursaatkond-berliin\/\">2013 &#8211; Eesti Suursaatkond, Berliin<\/a><\/h5>\n                    <p class=\"excerpt\">Jazz Berliinis...<\/p>\n                    <span class=\"post_infos\">\n\n                        \n                        \n                        \n\n                    <\/span>\n                <\/div>\n            <\/div>\n        <\/div>\n    <\/div>\n<\/li>\n        <li class=\"clearfix \">\n    <div class=\"latest_post\">\n        <div class=\"latest_post_image clearfix\">\n            <a itemprop=\"url\" href=\"https:\/\/arvowichmann.de\/et\/2013-nordart-buedelsdorf\/\">\n                <img loading=\"lazy\" decoding=\"async\" width=\"150\" height=\"150\" src=\"https:\/\/arvowichmann.de\/wp-content\/uploads\/2024\/05\/1_Arvo_Wichmann_ARV1750_w-150x150.jpg\" class=\"attachment-thumbnail size-thumbnail\" alt=\"\" srcset=\"https:\/\/arvowichmann.de\/wp-content\/uploads\/2024\/05\/1_Arvo_Wichmann_ARV1750_w-150x150.jpg 150w, https:\/\/arvowichmann.de\/wp-content\/uploads\/2024\/05\/1_Arvo_Wichmann_ARV1750_w-570x570.jpg 570w, https:\/\/arvowichmann.de\/wp-content\/uploads\/2024\/05\/1_Arvo_Wichmann_ARV1750_w-500x500.jpg 500w\" sizes=\"auto, (max-width: 150px) 100vw, 150px\" \/>            <\/a>\n        <\/div>\n        <div class=\"latest_post_text\">\n            <div class=\"latest_post_inner\">\n                <div class=\"latest_post_text_inner\">\n                                                                                                        <h5 itemprop=\"name\" class=\"latest_post_title entry_title\"><a itemprop=\"url\" href=\"https:\/\/arvowichmann.de\/et\/2013-nordart-buedelsdorf\/\">2013 &#8211; NordArt, B\u00fcdelsdorf<\/a><\/h5>\n                    <p class=\"excerpt\">Rahvusvahelise n\u00e4ituse \"NordArt 2013\" t\u00e4hendus, mis ulatub kaugele \u00fcle Schleswig-Holsteini piiride, avatakse 8. juunil kell 17.00 Carlsh\u00fctte kunstihoones Vorwerksalleel....<\/p>\n                    <span class=\"post_infos\">\n\n                        \n                        \n                        \n\n                    <\/span>\n                <\/div>\n            <\/div>\n        <\/div>\n    <\/div>\n<\/li>\n        <li class=\"clearfix \">\n    <div class=\"latest_post\">\n        <div class=\"latest_post_image clearfix\">\n            <a itemprop=\"url\" href=\"https:\/\/arvowichmann.de\/et\/2013-7-women-in-jazz-halle\/\">\n                <img loading=\"lazy\" decoding=\"async\" width=\"150\" height=\"150\" src=\"https:\/\/arvowichmann.de\/wp-content\/uploads\/2024\/05\/7_Arvo_Wichmann_270_w-150x150.jpg\" class=\"attachment-thumbnail size-thumbnail\" alt=\"\" srcset=\"https:\/\/arvowichmann.de\/wp-content\/uploads\/2024\/05\/7_Arvo_Wichmann_270_w-150x150.jpg 150w, https:\/\/arvowichmann.de\/wp-content\/uploads\/2024\/05\/7_Arvo_Wichmann_270_w-570x570.jpg 570w, https:\/\/arvowichmann.de\/wp-content\/uploads\/2024\/05\/7_Arvo_Wichmann_270_w-500x500.jpg 500w\" sizes=\"auto, (max-width: 150px) 100vw, 150px\" \/>            <\/a>\n        <\/div>\n        <div class=\"latest_post_text\">\n            <div class=\"latest_post_inner\">\n                <div class=\"latest_post_text_inner\">\n                                                                                                        <h5 itemprop=\"name\" class=\"latest_post_title entry_title\"><a itemprop=\"url\" href=\"https:\/\/arvowichmann.de\/et\/2013-7-women-in-jazz-halle\/\">2013 &#8211; 7. Women in Jazz, Halle<\/a><\/h5>\n                    <p class=\"excerpt\">WOMEN IN JAZZ festival on kaasaegse d\u017e\u00e4ssi festival. Festivali erieesm\u00e4rk on tutvustada jazziprojekte, mille kunstilise juhtimise eest vastutab naisjazzi muusik. Festivalil on eeskujusid USAs. See on Euroopas ainulaadne, kuna see on eriline fookus. Lisaks oma ainulaadsusele Euroopa kultuurimaastikul on festival ka oluline panus soolise v\u00f5rd\u00f5iguslikkuse edendamisse kultuuris ja kunstis....<\/p>\n                    <span class=\"post_infos\">\n\n                        \n                        \n                        \n\n                    <\/span>\n                <\/div>\n            <\/div>\n        <\/div>\n    <\/div>\n<\/li>\n        <li class=\"clearfix \">\n    <div class=\"latest_post\">\n        <div class=\"latest_post_image clearfix\">\n            <a itemprop=\"url\" href=\"https:\/\/arvowichmann.de\/et\/2012-galerii-b\/\">\n                <img loading=\"lazy\" decoding=\"async\" width=\"150\" height=\"150\" src=\"https:\/\/arvowichmann.de\/wp-content\/uploads\/2024\/05\/12_ARV4261_k-150x150.jpg\" class=\"attachment-thumbnail size-thumbnail\" alt=\"\" srcset=\"https:\/\/arvowichmann.de\/wp-content\/uploads\/2024\/05\/12_ARV4261_k-150x150.jpg 150w, https:\/\/arvowichmann.de\/wp-content\/uploads\/2024\/05\/12_ARV4261_k-570x570.jpg 570w, https:\/\/arvowichmann.de\/wp-content\/uploads\/2024\/05\/12_ARV4261_k-600x600.jpg 600w, https:\/\/arvowichmann.de\/wp-content\/uploads\/2024\/05\/12_ARV4261_k-500x500.jpg 500w\" sizes=\"auto, (max-width: 150px) 100vw, 150px\" \/>            <\/a>\n        <\/div>\n        <div class=\"latest_post_text\">\n            <div class=\"latest_post_inner\">\n                <div class=\"latest_post_text_inner\">\n                                                                                                        <h5 itemprop=\"name\" class=\"latest_post_title entry_title\"><a itemprop=\"url\" href=\"https:\/\/arvowichmann.de\/et\/2012-galerii-b\/\">2012 &#8211; GALERII B<\/a><\/h5>\n                    <p class=\"excerpt\">[vc_row css_animation=&#8221;&#8221; row_type=&#8221;row&#8221; use_row_as_full_screen_section=&#8221;no&#8221; type=&#8221;full_width&#8221; angled_section=&#8221;no&#8221; text_align=&#8221;left&#8221; background_image_as_pattern=&#8221;without_pattern&#8221;][vc_column][vc_empty_space][\/vc_column][\/vc_row][vc_row css_animation=&#8221;&#8221; row_type=&#8221;row&#8221; use_row_as_full_screen_section=&#8221;no&#8221; type=&#8221;full_width&#8221; angled_section=&#8221;no&#8221; text_align=&#8221;left&#8221; background_image_as_pattern=&#8221;without_pattern&#8221;][vc_column][vc_column_text css=&#8221;&#8221;] GALERIE B Frankfurt Oder[\/vc_column_text][vc_empty_space][\/vc_column][\/vc_row][vc_row css_animation=&#8221;&#8221; row_type=&#8221;row&#8221; use_row_as_full_screen_section=&#8221;no&#8221; type=&#8221;full_width&#8221; angled_section=&#8221;no&#8221; text_align=&#8221;left&#8221; background_image_as_pattern=&#8221;without_pattern&#8221;][vc_column][vc_gallery type=&#8221;image_grid&#8221; images=&#8221;1266,1268,1270,1272,1274,1276,1278,1280,1282,1284,1286,1288,1290,1292,1294,1296,1298,1300,1302,1304,1306,1308,1310,1312&#8243; img_size=&#8221;&#8221; css=&#8221;&#8221; column_number=&#8221;5&#8243; grayscale=&#8221;no&#8221; images_space=&#8221;gallery_with_space&#8221;][\/vc_column][\/vc_row]...<\/p>\n                    <span class=\"post_infos\">\n\n                        \n                        \n                        \n\n                    <\/span>\n                <\/div>\n            <\/div>\n        <\/div>\n    <\/div>\n<\/li>\n        <li class=\"clearfix \">\n    <div class=\"latest_post\">\n        <div class=\"latest_post_image clearfix\">\n            <a itemprop=\"url\" href=\"https:\/\/arvowichmann.de\/et\/2012-26-jazz-am-schloss-rheine\/\">\n                <img loading=\"lazy\" decoding=\"async\" width=\"150\" height=\"150\" src=\"https:\/\/arvowichmann.de\/wp-content\/uploads\/2024\/05\/rheine_kloster_bentlage_luftaufnahme-01.800x450-150x150.jpg\" class=\"attachment-thumbnail size-thumbnail\" alt=\"\" \/>            <\/a>\n        <\/div>\n        <div class=\"latest_post_text\">\n            <div class=\"latest_post_inner\">\n                <div class=\"latest_post_text_inner\">\n                                                                                                        <h5 itemprop=\"name\" class=\"latest_post_title entry_title\"><a itemprop=\"url\" href=\"https:\/\/arvowichmann.de\/et\/2012-26-jazz-am-schloss-rheine\/\">2012 &#8211; 26. Jazz am Schloss, Rheine<\/a><\/h5>\n                    <p class=\"excerpt\">Bentlage klooster on regulaarselt kontsertide, lugemiste ja teatri taustaks, lavaks ja ka teemaks....<\/p>\n                    <span class=\"post_infos\">\n\n                        \n                        \n                        \n\n                    <\/span>\n                <\/div>\n            <\/div>\n        <\/div>\n    <\/div>\n<\/li>\n        <li class=\"clearfix \">\n    <div class=\"latest_post\">\n        <div class=\"latest_post_image clearfix\">\n            <a itemprop=\"url\" href=\"https:\/\/arvowichmann.de\/et\/2011-23-jazzfest-gronau-katharinenhof-berlin\/\">\n                <img loading=\"lazy\" decoding=\"async\" width=\"150\" height=\"150\" src=\"https:\/\/arvowichmann.de\/wp-content\/uploads\/2024\/05\/ARV0776_g-150x150.jpg\" class=\"attachment-thumbnail size-thumbnail\" alt=\"\" srcset=\"https:\/\/arvowichmann.de\/wp-content\/uploads\/2024\/05\/ARV0776_g-150x150.jpg 150w, https:\/\/arvowichmann.de\/wp-content\/uploads\/2024\/05\/ARV0776_g-570x570.jpg 570w, https:\/\/arvowichmann.de\/wp-content\/uploads\/2024\/05\/ARV0776_g-600x600.jpg 600w, https:\/\/arvowichmann.de\/wp-content\/uploads\/2024\/05\/ARV0776_g-500x500.jpg 500w\" sizes=\"auto, (max-width: 150px) 100vw, 150px\" \/>            <\/a>\n        <\/div>\n        <div class=\"latest_post_text\">\n            <div class=\"latest_post_inner\">\n                <div class=\"latest_post_text_inner\">\n                                                                                                        <h5 itemprop=\"name\" class=\"latest_post_title entry_title\"><a itemprop=\"url\" href=\"https:\/\/arvowichmann.de\/et\/2011-23-jazzfest-gronau-katharinenhof-berlin\/\">2011 &#8211; 23. Jazzfest Gronau, Katharinenhof Berlin<\/a><\/h5>\n                    <p class=\"excerpt\">WOMEN IN JAZZ festival on kaasaegse d\u017e\u00e4ssi festival. Festivali erieesm\u00e4rk on tutvustada jazziprojekte, mille kunstilise juhtimise eest vastutab naisjazzi muusik. Festivalil on eeskujusid USAs. See on Euroopas ainulaadne, kuna see on eriline fookus. Lisaks oma ainulaadsusele Euroopa kultuurimaastikul on festival ka oluline panus soolise v\u00f5rd\u00f5iguslikkuse edendamisse kultuuris ja kunstis....<\/p>\n                    <span class=\"post_infos\">\n\n                        \n                        \n                        \n\n                    <\/span>\n                <\/div>\n            <\/div>\n        <\/div>\n    <\/div>\n<\/li>\n        <li class=\"clearfix \">\n    <div class=\"latest_post\">\n        <div class=\"latest_post_image clearfix\">\n            <a itemprop=\"url\" href=\"https:\/\/arvowichmann.de\/et\/2011-6-women-in-jazz-halle\/\">\n                <img loading=\"lazy\" decoding=\"async\" width=\"150\" height=\"150\" src=\"https:\/\/arvowichmann.de\/wp-content\/uploads\/2024\/05\/ARV0901_g-150x150.jpg\" class=\"attachment-thumbnail size-thumbnail\" alt=\"\" srcset=\"https:\/\/arvowichmann.de\/wp-content\/uploads\/2024\/05\/ARV0901_g-150x150.jpg 150w, https:\/\/arvowichmann.de\/wp-content\/uploads\/2024\/05\/ARV0901_g-570x570.jpg 570w, https:\/\/arvowichmann.de\/wp-content\/uploads\/2024\/05\/ARV0901_g-600x600.jpg 600w, https:\/\/arvowichmann.de\/wp-content\/uploads\/2024\/05\/ARV0901_g-500x500.jpg 500w\" sizes=\"auto, (max-width: 150px) 100vw, 150px\" \/>            <\/a>\n        <\/div>\n        <div class=\"latest_post_text\">\n            <div class=\"latest_post_inner\">\n                <div class=\"latest_post_text_inner\">\n                                                                                                        <h5 itemprop=\"name\" class=\"latest_post_title entry_title\"><a itemprop=\"url\" href=\"https:\/\/arvowichmann.de\/et\/2011-6-women-in-jazz-halle\/\">2011 &#8211; 6. Women in Jazz, Halle<\/a><\/h5>\n                    <p class=\"excerpt\">WOMEN IN JAZZ festival on kaasaegse d\u017e\u00e4ssi festival. Festivali erieesm\u00e4rk on tutvustada jazziprojekte, mille kunstilise juhtimise eest vastutab naisjazzi muusik. Festivalil on eeskujusid USAs. See on Euroopas ainulaadne, kuna see on eriline fookus. Lisaks oma ainulaadsusele Euroopa kultuurimaastikul on festival ka oluline panus soolise v\u00f5rd\u00f5iguslikkuse edendamisse kultuuris ja kunstis....<\/p>\n                    <span class=\"post_infos\">\n\n                        \n                        \n                        \n\n                    <\/span>\n                <\/div>\n            <\/div>\n        <\/div>\n    <\/div>\n<\/li>\n        <li class=\"clearfix \">\n    <div class=\"latest_post\">\n        <div class=\"latest_post_image clearfix\">\n            <a itemprop=\"url\" href=\"https:\/\/arvowichmann.de\/et\/2010-5-women-in-jazz-halle\/\">\n                <img loading=\"lazy\" decoding=\"async\" width=\"150\" height=\"150\" src=\"https:\/\/arvowichmann.de\/wp-content\/uploads\/2024\/05\/7_ARV5642_w-150x150.jpg\" class=\"attachment-thumbnail size-thumbnail\" alt=\"\" srcset=\"https:\/\/arvowichmann.de\/wp-content\/uploads\/2024\/05\/7_ARV5642_w-150x150.jpg 150w, https:\/\/arvowichmann.de\/wp-content\/uploads\/2024\/05\/7_ARV5642_w-570x570.jpg 570w, https:\/\/arvowichmann.de\/wp-content\/uploads\/2024\/05\/7_ARV5642_w-600x600.jpg 600w, https:\/\/arvowichmann.de\/wp-content\/uploads\/2024\/05\/7_ARV5642_w-500x500.jpg 500w\" sizes=\"auto, (max-width: 150px) 100vw, 150px\" \/>            <\/a>\n        <\/div>\n        <div class=\"latest_post_text\">\n            <div class=\"latest_post_inner\">\n                <div class=\"latest_post_text_inner\">\n                                                                                                        <h5 itemprop=\"name\" class=\"latest_post_title entry_title\"><a itemprop=\"url\" href=\"https:\/\/arvowichmann.de\/et\/2010-5-women-in-jazz-halle\/\">2010 &#8211; 5. Women in Jazz, Halle<\/a><\/h5>\n                    <p class=\"excerpt\">WOMEN IN JAZZ festival on kaasaegse d\u017e\u00e4ssi festival. Festivali erieesm\u00e4rk on tutvustada jazziprojekte, mille kunstilise juhtimise eest vastutab naisjazzi muusik. Festivalil on eeskujusid USAs. See on Euroopas ainulaadne, kuna see on eriline fookus. Lisaks oma ainulaadsusele Euroopa kultuurimaastikul on festival ka oluline panus soolise v\u00f5rd\u00f5iguslikkuse edendamisse kultuuris ja kunstis....<\/p>\n                    <span class=\"post_infos\">\n\n                        \n                        \n                        \n\n                    <\/span>\n                <\/div>\n            <\/div>\n        <\/div>\n    <\/div>\n<\/li>\n        <li class=\"clearfix \">\n    <div class=\"latest_post\">\n        <div class=\"latest_post_image clearfix\">\n            <a itemprop=\"url\" href=\"https:\/\/arvowichmann.de\/et\/2010-jazzsommer-graz\/\">\n                <img loading=\"lazy\" decoding=\"async\" width=\"150\" height=\"150\" src=\"https:\/\/arvowichmann.de\/wp-content\/uploads\/2024\/05\/a1-150x150.jpg\" class=\"attachment-thumbnail size-thumbnail\" alt=\"\" \/>            <\/a>\n        <\/div>\n        <div class=\"latest_post_text\">\n            <div class=\"latest_post_inner\">\n                <div class=\"latest_post_text_inner\">\n                                                                                                        <h5 itemprop=\"name\" class=\"latest_post_title entry_title\"><a itemprop=\"url\" href=\"https:\/\/arvowichmann.de\/et\/2010-jazzsommer-graz\/\">2010 &#8211; Jazzsommer Graz<\/a><\/h5>\n                    <p class=\"excerpt\">Jazz Summer Graz on mitmen\u00e4dalane festival, mis toimub igal aastal juulis ja augustis Steiermargi pealinnas Grazis alates 1998. aastast. Esialgu esines igal n\u00e4dalal (mitmel j\u00e4rjestikusel p\u00e4eval) ainult \u00fcks artist. Vahepeal on see kontserdisari kujunenud \u00fcheks suurimaks Austrias ja programm on viimastel aastatel muutunud palju ulatuslikumaks....<\/p>\n                    <span class=\"post_infos\">\n\n                        \n                        \n                        \n\n                    <\/span>\n                <\/div>\n            <\/div>\n        <\/div>\n    <\/div>\n<\/li>\n        <li class=\"clearfix \">\n    <div class=\"latest_post\">\n        <div class=\"latest_post_image clearfix\">\n            <a itemprop=\"url\" href=\"https:\/\/arvowichmann.de\/et\/2010-jazz-kohtub-kaunite-kunstidega-greifswald\/\">\n                <img loading=\"lazy\" decoding=\"async\" width=\"150\" height=\"150\" src=\"https:\/\/arvowichmann.de\/wp-content\/uploads\/2024\/05\/einladung-jazz-meets-fine-art-seite-1-kopie-640x480-1-150x150.jpeg\" class=\"attachment-thumbnail size-thumbnail\" alt=\"\" \/>            <\/a>\n        <\/div>\n        <div class=\"latest_post_text\">\n            <div class=\"latest_post_inner\">\n                <div class=\"latest_post_text_inner\">\n                                                                                                        <h5 itemprop=\"name\" class=\"latest_post_title entry_title\"><a itemprop=\"url\" href=\"https:\/\/arvowichmann.de\/et\/2010-jazz-kohtub-kaunite-kunstidega-greifswald\/\">2010 &#8211; Jazz kohtub kaunite kunstidega, Greifswald<\/a><\/h5>\n                    <p class=\"excerpt\">10 visuaalkunstniku n\u00e4itus XXX. Eldena jazz\u00f5htud IPP galeriis...<\/p>\n                    <span class=\"post_infos\">\n\n                        \n                        \n                        \n\n                    <\/span>\n                <\/div>\n            <\/div>\n        <\/div>\n    <\/div>\n<\/li>\n        \n    <\/ul>\n<\/div>[vc_empty_space][\/vc_column][\/vc_row][vc_row css_animation=&#8221;&#8221; row_type=&#8221;row&#8221; use_row_as_full_screen_section=&#8221;no&#8221; type=&#8221;full_width&#8221; angled_section=&#8221;no&#8221; text_align=&#8221;left&#8221; background_image_as_pattern=&#8221;without_pattern&#8221; css=&#8221;.vc_custom_1715175845758{padding-top: 40px !important;padding-right: 20px !important;padding-bottom: 20px !important;padding-left: 20px !important;background-color: #ffffff !important;}&#8221; z_index=&#8221;&#8221;][vc_column][vc_column_text css=&#8221;&#8221;]<\/p>\n<h2>Eelmised n\u00e4itused<\/h2>\n<p>[\/vc_column_text][vc_empty_space][vc_column_text css=&#8221;&#8221;]<\/p>\n<h4>2009<br \/>\nKurpark Bad Nenndorf &#8211; Aatrium<\/h4>\n<p>8. F\u00fcrstenwalde Jazzip\u00e4evad<br \/>\n12. JAZZ SUVI GRAZ<br \/>\n10. Ahrenshoopi jazzfestival<\/p>\n<p>&nbsp;<\/p>\n<h4>2008<\/h4>\n<p>P\u00fcha Miikaeli kirik, Woltersdorf<br \/>\nBerger&#8217;s, Berliin<br \/>\nHIFIplay \/ Burmester Studio, Berliin<br \/>\nInglise aed, Berliin<\/p>\n<p>&nbsp;<\/p>\n<h4>2007<\/h4>\n<p>KU64 &#8211; Wei\u00dfensee &#8211; &#8220;Jazzmeetsart&#8221;<\/p>\n<p>&nbsp;<\/p>\n<h4>2005<\/h4>\n<p>Hotell Holiday Inn, Berliin[\/vc_column_text][\/vc_column][\/vc_row][vc_row css_animation=&#8221;&#8221; row_type=&#8221;row&#8221; use_row_as_full_screen_section=&#8221;no&#8221; type=&#8221;full_width&#8221; angled_section=&#8221;no&#8221; text_align=&#8221;left&#8221; background_image_as_pattern=&#8221;without_pattern&#8221;][vc_column][vc_empty_space][\/vc_column][\/vc_row]<\/p>\n<\/div>","protected":false},"excerpt":{"rendered":"<p>[vc_row css_animation=&#8221;&#8221; row_type=&#8221;row&#8221; use_row_as_full_screen_section=&#8221;no&#8221; type=&#8221;full_width&#8221; angled_section=&#8221;no&#8221; text_align=&#8221;left&#8221; background_image_as_pattern=&#8221;without_pattern&#8221;][vc_column][vc_empty_space][vc_column_text css=&#8221;&#8221;] n\u00e4itused ja kuup\u00e4evad [\/vc_column_text][vc_empty_space][\/vc_column][\/vc_row][vc_row css_animation=&#8221;&#8221; row_type=&#8221;row&#8221; use_row_as_full_screen_section=&#8221;no&#8221; type=&#8221;full_width&#8221; angled_section=&#8221;no&#8221; text_align=&#8221;left&#8221; background_image_as_pattern=&#8221;without_pattern&#8221;][vc_column][vc_empty_space][\/vc_column][\/vc_row][vc_row css_animation=&#8221;&#8221; row_type=&#8221;row&#8221; use_row_as_full_screen_section=&#8221;no&#8221; type=&#8221;full_width&#8221; angled_section=&#8221;no&#8221; text_align=&#8221;left&#8221; background_image_as_pattern=&#8221;without_pattern&#8221; css=&#8221;.vc_custom_1715175845758{padding-top: 40px !important;padding-right: 20px !important;padding-bottom: 20px !important;padding-left: 20px !important;background-color: #ffffff !important;}&#8221; z_index=&#8221;&#8221;][vc_column][vc_column_text css=&#8221;&#8221;] Eelmised n\u00e4itused [\/vc_column_text][vc_empty_space][vc_column_text css=&#8221;&#8221;] 2009&#8230;<\/p>\n","protected":false},"author":1,"featured_media":0,"parent":0,"menu_order":0,"comment_status":"closed","ping_status":"closed","template":"","meta":{"footnotes":""},"class_list":["post-1565","page","type-page","status-publish","hentry"],"_links":{"self":[{"href":"https:\/\/arvowichmann.de\/et\/wp-json\/wp\/v2\/pages\/1565","targetHints":{"allow":["GET"]}}],"collection":[{"href":"https:\/\/arvowichmann.de\/et\/wp-json\/wp\/v2\/pages"}],"about":[{"href":"https:\/\/arvowichmann.de\/et\/wp-json\/wp\/v2\/types\/page"}],"author":[{"embeddable":true,"href":"https:\/\/arvowichmann.de\/et\/wp-json\/wp\/v2\/users\/1"}],"replies":[{"embeddable":true,"href":"https:\/\/arvowichmann.de\/et\/wp-json\/wp\/v2\/comments?post=1565"}],"version-history":[{"count":3,"href":"https:\/\/arvowichmann.de\/et\/wp-json\/wp\/v2\/pages\/1565\/revisions"}],"predecessor-version":[{"id":1570,"href":"https:\/\/arvowichmann.de\/et\/wp-json\/wp\/v2\/pages\/1565\/revisions\/1570"}],"wp:attachment":[{"href":"https:\/\/arvowichmann.de\/et\/wp-json\/wp\/v2\/media?parent=1565"}],"curies":[{"name":"wp","href":"https:\/\/api.w.org\/{rel}","templated":true}]}}